{"id":51,"date":"2020-02-21T17:46:28","date_gmt":"2020-02-21T17:46:28","guid":{"rendered":"https:\/\/act2impact.eu\/?page_id=51"},"modified":"2022-11-08T18:49:36","modified_gmt":"2022-11-08T18:49:36","slug":"elementor-51","status":"publish","type":"page","link":"https:\/\/act2impact.eu\/pl\/","title":{"rendered":"Strona g\u0142\u00f3wna"},"content":{"rendered":"\t\t<div data-elementor-type=\"wp-post\" data-elementor-id=\"51\" class=\"elementor elementor-51\">\n\t\t\t\t\t\t\t\t\t<section class=\"elementor-section elementor-top-section elementor-element elementor-element-2b1ed0a elementor-section-boxed elementor-section-height-default elementor-section-height-default\" data-id=\"2b1ed0a\" data-element_type=\"section\">\n\t\t\t\t\t\t<div class=\"elementor-container elementor-column-gap-default\">\n\t\t\t\t\t<div class=\"elementor-column elementor-col-100 elementor-top-column elementor-element elementor-element-5076dbf\" data-id=\"5076dbf\" data-element_type=\"column\">\n\t\t\t<div class=\"elementor-widget-wrap elementor-element-populated\">\n\t\t\t\t\t\t\t\t<div class=\"elementor-element elementor-element-f208269 elementor-widget elementor-widget-text-editor\" data-id=\"f208269\" data-element_type=\"widget\" data-widget_type=\"text-editor.default\">\n\t\t\t\t<div class=\"elementor-widget-container\">\n\t\t\t\t\t\t\t<h3><\/h3><h3><\/h3><h3>Projekt ACT2IMPACT ma na celu usuni\u0119cie istniej\u0105cej r\u00f3\u017cnicy pomi\u0119dzy zbiorem umiej\u0119tno\u015bci mi\u0119kkich wykorzystywanych przez m\u0142odych, doros\u0142ych ludzi przygotowuj\u0105cych si\u0119 do wej\u015bcia na rynek pracy, a potrzebami obecnie wymaganymi przez firmy.<\/h3><h3>Poniewa\u017c tradycyjny system edukacji zmienia si\u0119 w bardzo wolnym tempie, bardzo potrzebne s\u0105 rozwi\u0105zania wspieraj\u0105ce m\u0142odych i doros\u0142ych ludzi w stawianiu czo\u0142a nowym wyzwaniom zmieniaj\u0105cego si\u0119 rynku pracy.<\/h3><h3><\/h3><h3><\/h3><h3><\/h3><h3><\/h3>\t\t\t\t\t\t<\/div>\n\t\t\t\t<\/div>\n\t\t\t\t\t<\/div>\n\t\t<\/div>\n\t\t\t\t\t\t\t<\/div>\n\t\t<\/section>\n\t\t\t\t<section class=\"elementor-section elementor-top-section elementor-element elementor-element-8bbf91b elementor-section-boxed elementor-section-height-default elementor-section-height-default\" data-id=\"8bbf91b\" data-element_type=\"section\">\n\t\t\t\t\t\t<div class=\"elementor-container elementor-column-gap-default\">\n\t\t\t\t\t<div class=\"elementor-column elementor-col-100 elementor-top-column elementor-element elementor-element-a0be79c\" data-id=\"a0be79c\" data-element_type=\"column\">\n\t\t\t<div class=\"elementor-widget-wrap elementor-element-populated\">\n\t\t\t\t\t\t\t\t<div class=\"elementor-element elementor-element-f5cdb4d elementor-tabs-view-horizontal elementor-widget elementor-widget-tabs\" data-id=\"f5cdb4d\" data-element_type=\"widget\" data-widget_type=\"tabs.default\">\n\t\t\t\t<div class=\"elementor-widget-container\">\n\t\t\t\t\t<div class=\"elementor-tabs\">\n\t\t\t<div class=\"elementor-tabs-wrapper\" role=\"tablist\" >\n\t\t\t\t\t\t\t\t\t<div id=\"elementor-tab-title-2571\" class=\"elementor-tab-title elementor-tab-desktop-title\" aria-selected=\"true\" data-tab=\"1\" role=\"tab\" tabindex=\"0\" aria-controls=\"elementor-tab-content-2571\" aria-expanded=\"false\">Cele projektu<\/div>\n\t\t\t\t\t\t\t\t\t<div id=\"elementor-tab-title-2572\" class=\"elementor-tab-title elementor-tab-desktop-title\" aria-selected=\"false\" data-tab=\"2\" role=\"tab\" tabindex=\"-1\" aria-controls=\"elementor-tab-content-2572\" aria-expanded=\"false\">Rezultat projektu<\/div>\n\t\t\t\t\t\t\t\t\t<div id=\"elementor-tab-title-2573\" class=\"elementor-tab-title elementor-tab-desktop-title\" aria-selected=\"false\" data-tab=\"3\" role=\"tab\" tabindex=\"-1\" aria-controls=\"elementor-tab-content-2573\" aria-expanded=\"false\">Cele\/Grupa docelowa<\/div>\n\t\t\t\t\t\t\t\t\t<div id=\"elementor-tab-title-2574\" class=\"elementor-tab-title elementor-tab-desktop-title\" aria-selected=\"false\" data-tab=\"4\" role=\"tab\" tabindex=\"-1\" aria-controls=\"elementor-tab-content-2574\" aria-expanded=\"false\">Spotkania<\/div>\n\t\t\t\t\t\t\t<\/div>\n\t\t\t<div class=\"elementor-tabs-content-wrapper\" role=\"tablist\" aria-orientation=\"vertical\">\n\t\t\t\t\t\t\t\t\t<div class=\"elementor-tab-title elementor-tab-mobile-title\" aria-selected=\"true\" data-tab=\"1\" role=\"tab\" tabindex=\"0\" aria-controls=\"elementor-tab-content-2571\" aria-expanded=\"false\">Cele projektu<\/div>\n\t\t\t\t\t<div id=\"elementor-tab-content-2571\" class=\"elementor-tab-content elementor-clearfix\" data-tab=\"1\" role=\"tabpanel\" aria-labelledby=\"elementor-tab-title-2571\" tabindex=\"0\" hidden=\"false\"><p><\/p><p>Projekt chce rozwin\u0105\u0107, w ci\u0105gu 26 miesi\u0119cy dzia\u0142alno\u015bci, \u015bcie\u017ck\u0119 podnoszenia kwalifikacji, kt\u00f3ra poprzez zintegrowane podej\u015bcie wspiera rozw\u00f3j umiej\u0119tno\u015bci mi\u0119kkich krytycznego i kreatywnego my\u015blenia.<\/p><p>Bazuj\u0105c na narz\u0119dziu internetowym, projekt ma na celu zaprezentowanie innowacyjnego podej\u015bcia do rozwoju umiej\u0119tno\u015bci w oparciu o szkolenie i uczenie si\u0119 poprzez wysoce zr\u00f3\u017cnicowane interaktywne wyzwania i \u0107wiczenia oraz wsp\u00f3lne rozmowy na internetowym forum dyskusyjnym.<\/p><p><\/p><p><\/p><p><\/p><p><\/p><\/div>\n\t\t\t\t\t\t\t\t\t<div class=\"elementor-tab-title elementor-tab-mobile-title\" aria-selected=\"false\" data-tab=\"2\" role=\"tab\" tabindex=\"-1\" aria-controls=\"elementor-tab-content-2572\" aria-expanded=\"false\">Rezultat projektu<\/div>\n\t\t\t\t\t<div id=\"elementor-tab-content-2572\" class=\"elementor-tab-content elementor-clearfix\" data-tab=\"2\" role=\"tabpanel\" aria-labelledby=\"elementor-tab-title-2572\" tabindex=\"0\" hidden=\"hidden\"><p><\/p><p>Platforma internetowa, na kt\u00f3rej uczestnicy mog\u0105 rozwija\u0107 mi\u0119kkie umiej\u0119tno\u015bci krytycznego i kreatywnego my\u015blenia, poprzez kr\u00f3tkie i wysoce interaktywne kursy szkoleniowe bazuje na strategicznych zadaniach i \u0107wiczeniach rozwijaj\u0105cych umiej\u0119tno\u015bci. Platforma internetowa b\u0119dzie r\u00f3wnie\u017c obejmowa\u0107 forum dyskusyjne, kt\u00f3rego celem b\u0119dzie tworzenie zespo\u0142\u00f3w dyskusyjnych w\u015br\u00f3d uczestnik\u00f3w z r\u00f3\u017cnych kraj\u00f3w partnerskich, promowanie pracy zespo\u0142owej i interaktywnego uczenia si\u0119.<\/p><p><\/p><p><\/p><p><\/p><p><\/p><p style=\"text-align: center;\"><a href=\"https:\/\/act2impact.erasmus.site\/\" target=\"_blank\" rel=\"noopener\">Open<\/a><\/p><\/div>\n\t\t\t\t\t\t\t\t\t<div class=\"elementor-tab-title elementor-tab-mobile-title\" aria-selected=\"false\" data-tab=\"3\" role=\"tab\" tabindex=\"-1\" aria-controls=\"elementor-tab-content-2573\" aria-expanded=\"false\">Cele\/Grupa docelowa<\/div>\n\t\t\t\t\t<div id=\"elementor-tab-content-2573\" class=\"elementor-tab-content elementor-clearfix\" data-tab=\"3\" role=\"tabpanel\" aria-labelledby=\"elementor-tab-title-2573\" tabindex=\"0\" hidden=\"hidden\"><p><\/li><\/ol><p><\/p><p>Projekt ma na celu opracowanie rozwi\u0105zania adresowanego do:<\/p><ol><li>m\u0142odych, doros\u0142ych os\u00f3b w wieku od 20 do 30 lat, aby umo\u017cliwi\u0107 im \u0142atwiejsze wej\u015bcie na rynek pracy,<\/li><li>nauczycieli i innych organizacji szkoleniowych, w celu wspierania rozwoju kluczowych umiej\u0119tno\u015bci, kt\u00f3re przyczyni\u0105 si\u0119 do zwi\u0119kszenia szans w sukcesach zawodowych i satysfakcji w pracy zawodowej<\/li><\/ol><p><\/li><\/ol><p><\/li><\/ol><p><\/p><p><\/li><\/ol><\/div>\n\t\t\t\t\t\t\t\t\t<div class=\"elementor-tab-title elementor-tab-mobile-title\" aria-selected=\"false\" data-tab=\"4\" role=\"tab\" tabindex=\"-1\" aria-controls=\"elementor-tab-content-2574\" aria-expanded=\"false\">Spotkania<\/div>\n\t\t\t\t\t<div id=\"elementor-tab-content-2574\" class=\"elementor-tab-content elementor-clearfix\" data-tab=\"4\" role=\"tabpanel\" aria-labelledby=\"elementor-tab-title-2574\" tabindex=\"0\" hidden=\"hidden\"><p><\/li><\/ol><p><\/p><p>W ramach projektu planowane s\u0105 4 r\u00f3\u017cne spotkania w:<\/p><ol><li>Alicante (Hiszpania) &#8211; Pierwsze spotkanie w Alicante<br \/>Pierwsze spotkanie projektowe zosta\u0142o zrealizowane w Alicante (w Hiszpanii) w dniach 13 i 14 stycznia 2020 roku.Organizacj\u0105 goszcz\u0105c\u0105 by\u0142 koordynator projektu &#8211; UNIVERSITY OF ALICANTE FOUNDATION (FUNDEUN).<br \/>Podczas spotkania om\u00f3wiono wszystkie etapy projektu oraz okre\u015blono i zaakceptowano przez wszystkich partner\u00f3w plan wszystkich dzia\u0142a\u0144, kt\u00f3re maj\u0105 zosta\u0107 opracowane.<\/li><li>Porto (Portugalia)<\/li><li>Potenza (W\u0142ochy)<\/li><li>Volos (Grecja)<\/li><\/ol><p><\/li><\/ol><p><\/li><\/ol><p><\/li><\/ol><p><\/li><\/ol><\/div>\n\t\t\t\t\t\t\t<\/div>\n\t\t<\/div>\n\t\t\t\t<\/div>\n\t\t\t\t<\/div>\n\t\t\t\t\t<\/div>\n\t\t<\/div>\n\t\t\t\t\t\t\t<\/div>\n\t\t<\/section>\n\t\t\t\t\t\t\t<\/div>\n\t\t","protected":false},"excerpt":{"rendered":"<p>Projekt ACT2IMPACT ma na celu usuni\u0119cie istniej\u0105cej r\u00f3\u017cnicy pomi\u0119dzy zbiorem umiej\u0119tno\u015bci mi\u0119kkich wykorzystywanych przez m\u0142odych, doros\u0142ych ludzi przygotowuj\u0105cych si\u0119 do wej\u015bcia na rynek pracy, a potrzebami obecnie wymaganymi przez firmy.&hellip;<\/p>\n","protected":false},"author":1,"featured_media":75,"parent":0,"menu_order":0,"comment_status":"closed","ping_status":"closed","template":"","meta":{"footnotes":""},"class_list":["post-51","page","type-page","status-publish","has-post-thumbnail","hentry"],"_links":{"self":[{"href":"https:\/\/act2impact.eu\/pl\/wp-json\/wp\/v2\/pages\/51","targetHints":{"allow":["GET"]}}],"collection":[{"href":"https:\/\/act2impact.eu\/pl\/wp-json\/wp\/v2\/pages"}],"about":[{"href":"https:\/\/act2impact.eu\/pl\/wp-json\/wp\/v2\/types\/page"}],"author":[{"embeddable":true,"href":"https:\/\/act2impact.eu\/pl\/wp-json\/wp\/v2\/users\/1"}],"replies":[{"embeddable":true,"href":"https:\/\/act2impact.eu\/pl\/wp-json\/wp\/v2\/comments?post=51"}],"version-history":[{"count":46,"href":"https:\/\/act2impact.eu\/pl\/wp-json\/wp\/v2\/pages\/51\/revisions"}],"predecessor-version":[{"id":311,"href":"https:\/\/act2impact.eu\/pl\/wp-json\/wp\/v2\/pages\/51\/revisions\/311"}],"wp:featuredmedia":[{"embeddable":true,"href":"https:\/\/act2impact.eu\/pl\/wp-json\/wp\/v2\/media\/75"}],"wp:attachment":[{"href":"https:\/\/act2impact.eu\/pl\/wp-json\/wp\/v2\/media?parent=51"}],"curies":[{"name":"wp","href":"https:\/\/api.w.org\/{rel}","templated":true}]}}